{"id":52,"date":"2024-07-15T15:43:17","date_gmt":"2024-07-15T13:43:17","guid":{"rendered":"https:\/\/srvdockericdp.bvtr.net\/ndc\/?page_id=52"},"modified":"2026-06-09T16:08:04","modified_gmt":"2026-06-09T15:08:04","slug":"whos-who","status":"publish","type":"page","link":"https:\/\/www.ndc.nato.int\/fr\/organization\/whos-who\/","title":{"rendered":"Who&#8217;s Who?"},"content":{"rendered":"<div class=\"wp-block-essential-blocks-row alignfull  root-eb-row-49mz1\"><div class=\"eb-parent-wrapper eb-parent-eb-row-49mz1\"><div class=\"eb-row-root-container eb-row-49mz1\" data-id=\"eb-row-49mz1\"><div class=\"eb-row-wrapper\"><div class=\"eb-row-inner\"><\/div><\/div><\/div><\/div><\/div>\n\n\n\n<p class=\"eplus-wrapper wp-block-paragraph\">Biographies and pictures of the current Commandant, Dean, Director of Enablement and senior leaders of the NATO Defense College.<\/p>\n\n\n<div class=\"wp-block-columns eplus-wrapper is-layout-flex wp-container-core-columns-is-layout-7387b849 wp-block-columns-is-layout-flex eplus-styles-uid-9a3e29\">\n<div class=\"wp-block-column eplus-wrapper is-layout-flow wp-block-column-is-layout-flow\" style=\"flex-basis:100%\">\n<div class=\"wp-block-blockspare-blockspare-container alignwide blockspare-fce7a4d5-1a98-4\" blockspare-animation=\"\"><div class=\"blockspare-block-container-wrapper blockspare-hover-item\"><div class=\"blockspare-container-background blockspare-image-wrap has-background-opacity-100 has-background-opacity\"><\/div><div class=\"blockspare-container\"><div class=\"blockspare-inner-blocks blockspare-inner-wrapper-blocks\"><div class=\"wp-block-blockspare-posts-block-blockspare-posts-block-latest-posts alignwide bs-hover-style-3  blockspare-block-animation blockspare-7f2dd3f5-c315-4 advgb-dyn-d41d8cd9\" blockspare-animation=\"AFTslideInLeft\">\n  \n    <section class=\"blockspare-posts-block-post-wrap\">\n      <div class=\"blockspare-posts-block-latest-post-wrap blockspare-posts-block-is-list medium-25 has-gutter-20 blockspare-post-expert-enabled  blockspare-posts-block-list-layout-3 list-col-1\">\n                    <div id=\"806\" class=\"blockspare-posts-block-post-single blockspare-hover-item contentordertwo has-background\">\n                  <figure class=\"blockspare-posts-block-post-img hover-child\">\n      <a href=\"https:\/\/www.ndc.nato.int\/fr\/the-commandant\/\" aria-label=\"Le Commandant\">\n        <img width=\"219\" height=\"300\" src=\"https:\/\/www.ndc.nato.int\/wp-content\/uploads\/2026\/07\/CMDT-FRA-2-219x300.jpg\" class=\"attachment-medium size-medium\" alt=\"CMDT-FRA-2\" srcset=\"https:\/\/www.ndc.nato.int\/wp-content\/uploads\/2026\/07\/CMDT-FRA-2-219x300.jpg 219w, https:\/\/www.ndc.nato.int\/wp-content\/uploads\/2026\/07\/CMDT-FRA-2-9x12.jpg 9w, https:\/\/www.ndc.nato.int\/wp-content\/uploads\/2026\/07\/CMDT-FRA-2.jpg 394w\" sizes=\"auto, (max-width: 219px) 100vw, 219px\" loading=\"lazy\" decoding=\"async\">      <\/a>\n          <\/figure>\n                  <div class=\"blockspare-posts-block-post-content  content-order-2 lpc-title-hover\">\n    <div class=\"blockspare-posts-block-bg-overlay\"><\/div>\n    <!-- blockspare-posts-block-post-grid-header -->\n    <header class=\"blockspare-posts-block-post-grid-header\">\n      <!--display category when feature image is disable -->\n            <!--display category when feature image is enable-->\n            <!-- blockspare-posts-block-post-grid-title -->\n              <h2 class=\"blockspare-posts-block-post-grid-title\">\n          <a href=\"https:\/\/www.ndc.nato.int\/fr\/the-commandant\/\" class=\"blockspare-posts-block-title-link\" rel=\"bookmark\">\n            <span>Le Commandant<\/span>\n          <\/a>\n        <\/h2>\n            <!-- blockspare-posts-block-post-grid-title -->\n\n      <!-- blockspare-posts-block-post-grid-byline -->\n      <div class=\"blockspare-posts-block-post-grid-byline\">\n        <!-- blockspare-posts-block-post-grid-author -->\n                <!-- blockspare-posts-block-post-grid-author -->\n\n        <!-- blockspare-posts-block-post-grid-date -->\n                <!-- blockspare-posts-block-post-grid-date -->\n\n        <!-- comment_count -->\n                <!-- comment_count -->\n      <\/div>\n      <!-- blockspare-posts-block-post-grid-byline -->\n    <\/header>\n    <!-- blockspare-posts-block-post-grid-header -->\n\n        <!-- blockspare-posts-block-post-grid-excerpt -->\n          <div class=\"blockspare-posts-block-post-grid-excerpt\">\n        <!-- blockspare-posts-block-post-grid-excerpt-content -->\n                  <div class=\"blockspare-posts-block-post-grid-excerpt-content\">\n            The Commandant ensures that the NDC accomplishes its mission, while fostering forward and creative strategic thinking on the key issues facing the Alliance. In the execution of the College mission, the Commandant may assign military or civilian faculty advisors to any faculty advisor position in the academic divisions, at her\/his\u2026          <\/div>\n                <!-- blockspare-posts-block-post-grid-excerpt-content -->\n        <!-- blockspare-posts-block-post-grid-more-link -->\n                  <p>\n            <a class=\"blockspare-posts-block-post-grid-more-link blockspare-posts-block-text-link\" href=\"https:\/\/www.ndc.nato.int\/fr\/the-commandant\/\" aria-label=\"Read more about The Commandant\">\n              <span aria-hidden=\"true\">More&#8230;<\/span>\n            <\/a>\n\n          <\/p>\n                <!-- blockspare-posts-block-post-grid-more-link -->\n      <\/div>\n        <!-- blockspare-posts-block-post-grid-excerpt -->\n\n  <\/div>\n            <\/div>\n                                <div id=\"808\" class=\"blockspare-posts-block-post-single blockspare-hover-item contentordertwo has-background\">\n                  <figure class=\"blockspare-posts-block-post-img hover-child\">\n      <a href=\"https:\/\/www.ndc.nato.int\/fr\/the-dean\/\" aria-label=\"Le Doyen acad\u00e9mique\">\n        <img width=\"220\" height=\"274\" src=\"https:\/\/www.ndc.nato.int\/wp-content\/uploads\/2025\/02\/Dean_Nielsen_220-1.jpg\" class=\"attachment-medium size-medium\" alt=\"Dean_Nielsen_220-1\" srcset=\"https:\/\/www.ndc.nato.int\/wp-content\/uploads\/2025\/02\/Dean_Nielsen_220-1.jpg 220w, https:\/\/www.ndc.nato.int\/wp-content\/uploads\/2025\/02\/Dean_Nielsen_220-1-10x12.jpg 10w\" sizes=\"auto, (max-width: 220px) 100vw, 220px\" loading=\"lazy\" decoding=\"async\">      <\/a>\n          <\/figure>\n                  <div class=\"blockspare-posts-block-post-content  content-order-2 lpc-title-hover\">\n    <div class=\"blockspare-posts-block-bg-overlay\"><\/div>\n    <!-- blockspare-posts-block-post-grid-header -->\n    <header class=\"blockspare-posts-block-post-grid-header\">\n      <!--display category when feature image is disable -->\n            <!--display category when feature image is enable-->\n            <!-- blockspare-posts-block-post-grid-title -->\n              <h2 class=\"blockspare-posts-block-post-grid-title\">\n          <a href=\"https:\/\/www.ndc.nato.int\/fr\/the-dean\/\" class=\"blockspare-posts-block-title-link\" rel=\"bookmark\">\n            <span>Le Doyen acad\u00e9mique<\/span>\n          <\/a>\n        <\/h2>\n            <!-- blockspare-posts-block-post-grid-title -->\n\n      <!-- blockspare-posts-block-post-grid-byline -->\n      <div class=\"blockspare-posts-block-post-grid-byline\">\n        <!-- blockspare-posts-block-post-grid-author -->\n                <!-- blockspare-posts-block-post-grid-author -->\n\n        <!-- blockspare-posts-block-post-grid-date -->\n                <!-- blockspare-posts-block-post-grid-date -->\n\n        <!-- comment_count -->\n                <!-- comment_count -->\n      <\/div>\n      <!-- blockspare-posts-block-post-grid-byline -->\n    <\/header>\n    <!-- blockspare-posts-block-post-grid-header -->\n\n        <!-- blockspare-posts-block-post-grid-excerpt -->\n          <div class=\"blockspare-posts-block-post-grid-excerpt\">\n        <!-- blockspare-posts-block-post-grid-excerpt-content -->\n                  <div class=\"blockspare-posts-block-post-grid-excerpt-content\">\n            As the guardian of academic excellence, the Dean is responsible for upholding the standards of education and scholarly engagement within our institution. The Dean ensures the quality of our academic programme, adapts the curriculum to meet the evolving needs of our Course Members and the demands of our dynamic world,\u2026          <\/div>\n                <!-- blockspare-posts-block-post-grid-excerpt-content -->\n        <!-- blockspare-posts-block-post-grid-more-link -->\n                  <p>\n            <a class=\"blockspare-posts-block-post-grid-more-link blockspare-posts-block-text-link\" href=\"https:\/\/www.ndc.nato.int\/fr\/the-dean\/\" aria-label=\"Read more about The DEAN\">\n              <span aria-hidden=\"true\">More&#8230;<\/span>\n            <\/a>\n\n          <\/p>\n                <!-- blockspare-posts-block-post-grid-more-link -->\n      <\/div>\n        <!-- blockspare-posts-block-post-grid-excerpt -->\n\n  <\/div>\n            <\/div>\n                                <div id=\"811\" class=\"blockspare-posts-block-post-single blockspare-hover-item contentordertwo has-background\">\n                  <figure class=\"blockspare-posts-block-post-img hover-child\">\n      <a href=\"https:\/\/www.ndc.nato.int\/fr\/the-director-of-enablement\/\" aria-label=\"Le directeur de la facilitation\">\n        <img width=\"233\" height=\"300\" src=\"https:\/\/www.ndc.nato.int\/wp-content\/uploads\/2025\/02\/BINDI-Paolo-233x300.jpg\" class=\"attachment-medium size-medium\" alt=\"BINDI Paolo\" srcset=\"https:\/\/www.ndc.nato.int\/wp-content\/uploads\/2025\/02\/BINDI-Paolo-233x300.jpg 233w, https:\/\/www.ndc.nato.int\/wp-content\/uploads\/2025\/02\/BINDI-Paolo-9x12.jpg 9w, https:\/\/www.ndc.nato.int\/wp-content\/uploads\/2025\/02\/BINDI-Paolo.jpg 413w\" sizes=\"auto, (max-width: 233px) 100vw, 233px\" loading=\"lazy\" decoding=\"async\">      <\/a>\n          <\/figure>\n                  <div class=\"blockspare-posts-block-post-content  content-order-2 lpc-title-hover\">\n    <div class=\"blockspare-posts-block-bg-overlay\"><\/div>\n    <!-- blockspare-posts-block-post-grid-header -->\n    <header class=\"blockspare-posts-block-post-grid-header\">\n      <!--display category when feature image is disable -->\n            <!--display category when feature image is enable-->\n            <!-- blockspare-posts-block-post-grid-title -->\n              <h2 class=\"blockspare-posts-block-post-grid-title\">\n          <a href=\"https:\/\/www.ndc.nato.int\/fr\/the-director-of-enablement\/\" class=\"blockspare-posts-block-title-link\" rel=\"bookmark\">\n            <span>Le directeur de la facilitation<\/span>\n          <\/a>\n        <\/h2>\n            <!-- blockspare-posts-block-post-grid-title -->\n\n      <!-- blockspare-posts-block-post-grid-byline -->\n      <div class=\"blockspare-posts-block-post-grid-byline\">\n        <!-- blockspare-posts-block-post-grid-author -->\n                <!-- blockspare-posts-block-post-grid-author -->\n\n        <!-- blockspare-posts-block-post-grid-date -->\n                <!-- blockspare-posts-block-post-grid-date -->\n\n        <!-- comment_count -->\n                <!-- comment_count -->\n      <\/div>\n      <!-- blockspare-posts-block-post-grid-byline -->\n    <\/header>\n    <!-- blockspare-posts-block-post-grid-header -->\n\n        <!-- blockspare-posts-block-post-grid-excerpt -->\n          <div class=\"blockspare-posts-block-post-grid-excerpt\">\n        <!-- blockspare-posts-block-post-grid-excerpt-content -->\n                  <div class=\"blockspare-posts-block-post-grid-excerpt-content\">\n            Le directeur de la facilitation (DoE) est le conseiller principal du Commandant pour toute question relevant de la facilitation.          <\/div>\n                <!-- blockspare-posts-block-post-grid-excerpt-content -->\n        <!-- blockspare-posts-block-post-grid-more-link -->\n                  <p>\n            <a class=\"blockspare-posts-block-post-grid-more-link blockspare-posts-block-text-link\" href=\"https:\/\/www.ndc.nato.int\/fr\/the-director-of-enablement\/\" aria-label=\"Read more about The Director of Enablement\">\n              <span aria-hidden=\"true\">More&#8230;<\/span>\n            <\/a>\n\n          <\/p>\n                <!-- blockspare-posts-block-post-grid-more-link -->\n      <\/div>\n        <!-- blockspare-posts-block-post-grid-excerpt -->\n\n  <\/div>\n            <\/div>\n                                <div id=\"850\" class=\"blockspare-posts-block-post-single blockspare-hover-item contentordertwo has-background\">\n                  <figure class=\"blockspare-posts-block-post-img hover-child\">\n      <a href=\"https:\/\/www.ndc.nato.int\/fr\/the-head-of-the-academic-operations-division\/\" aria-label=\"The Head of the Academic Operations Division\">\n        <img width=\"234\" height=\"300\" src=\"https:\/\/www.ndc.nato.int\/wp-content\/uploads\/2025\/02\/DAO-WEB-1-234x300.jpg\" class=\"attachment-medium size-medium\" alt=\"BGEN Ferenc MOLN\u00c1R\u200b\" srcset=\"https:\/\/www.ndc.nato.int\/wp-content\/uploads\/2025\/02\/DAO-WEB-1-234x300.jpg 234w, https:\/\/www.ndc.nato.int\/wp-content\/uploads\/2025\/02\/DAO-WEB-1-800x1024.jpg 800w, https:\/\/www.ndc.nato.int\/wp-content\/uploads\/2025\/02\/DAO-WEB-1-768x983.jpg 768w, https:\/\/www.ndc.nato.int\/wp-content\/uploads\/2025\/02\/DAO-WEB-1-9x12.jpg 9w, https:\/\/www.ndc.nato.int\/wp-content\/uploads\/2025\/02\/DAO-WEB-1.jpg 906w\" sizes=\"auto, (max-width: 234px) 100vw, 234px\" loading=\"lazy\" decoding=\"async\">      <\/a>\n          <\/figure>\n                  <div class=\"blockspare-posts-block-post-content  content-order-2 lpc-title-hover\">\n    <div class=\"blockspare-posts-block-bg-overlay\"><\/div>\n    <!-- blockspare-posts-block-post-grid-header -->\n    <header class=\"blockspare-posts-block-post-grid-header\">\n      <!--display category when feature image is disable -->\n            <!--display category when feature image is enable-->\n            <!-- blockspare-posts-block-post-grid-title -->\n              <h2 class=\"blockspare-posts-block-post-grid-title\">\n          <a href=\"https:\/\/www.ndc.nato.int\/fr\/the-head-of-the-academic-operations-division\/\" class=\"blockspare-posts-block-title-link\" rel=\"bookmark\">\n            <span>The Head of the Academic Operations Division<\/span>\n          <\/a>\n        <\/h2>\n            <!-- blockspare-posts-block-post-grid-title -->\n\n      <!-- blockspare-posts-block-post-grid-byline -->\n      <div class=\"blockspare-posts-block-post-grid-byline\">\n        <!-- blockspare-posts-block-post-grid-author -->\n                <!-- blockspare-posts-block-post-grid-author -->\n\n        <!-- blockspare-posts-block-post-grid-date -->\n                <!-- blockspare-posts-block-post-grid-date -->\n\n        <!-- comment_count -->\n                <!-- comment_count -->\n      <\/div>\n      <!-- blockspare-posts-block-post-grid-byline -->\n    <\/header>\n    <!-- blockspare-posts-block-post-grid-header -->\n\n        <!-- blockspare-posts-block-post-grid-excerpt -->\n          <div class=\"blockspare-posts-block-post-grid-excerpt\">\n        <!-- blockspare-posts-block-post-grid-excerpt-content -->\n                  <div class=\"blockspare-posts-block-post-grid-excerpt-content\">\n            Brigadier General Ferenc Moln\u00e1rThe Head of the Academic Operations Division The Head of the Academic Operations Division (DAO)\u00a0reports\u00a0to the Dean and Commandant\u00a0on\u00a0the delivery of the Senior Course, the NATO Regional Cooperation Course, the Generals, Flag Officers and Ambassadors\u2019 Course,\u00a0the Modular Short Course,\u00a0and the Modular Short Course for Partners.\u00a0 The DAO\u2026          <\/div>\n                <!-- blockspare-posts-block-post-grid-excerpt-content -->\n        <!-- blockspare-posts-block-post-grid-more-link -->\n                  <p>\n            <a class=\"blockspare-posts-block-post-grid-more-link blockspare-posts-block-text-link\" href=\"https:\/\/www.ndc.nato.int\/fr\/the-head-of-the-academic-operations-division\/\" aria-label=\"Read more about The Head of the Academic Operations Division\">\n              <span aria-hidden=\"true\">More&#8230;<\/span>\n            <\/a>\n\n          <\/p>\n                <!-- blockspare-posts-block-post-grid-more-link -->\n      <\/div>\n        <!-- blockspare-posts-block-post-grid-excerpt -->\n\n  <\/div>\n            <\/div>\n                                <div id=\"852\" class=\"blockspare-posts-block-post-single blockspare-hover-item contentordertwo has-background\">\n                  <figure class=\"blockspare-posts-block-post-img hover-child\">\n      <a href=\"https:\/\/www.ndc.nato.int\/fr\/director-academic-plans-policy-engagement\/\" aria-label=\"The Director Academic Plans, Policy &amp; Engagement\">\n        <img width=\"211\" height=\"300\" src=\"https:\/\/www.ndc.nato.int\/wp-content\/uploads\/2025\/02\/DAPPE_2025.jpg\" class=\"attachment-medium size-medium\" alt=\"DAPPE\" srcset=\"https:\/\/www.ndc.nato.int\/wp-content\/uploads\/2025\/02\/DAPPE_2025.jpg 211w, https:\/\/www.ndc.nato.int\/wp-content\/uploads\/2025\/02\/DAPPE_2025-8x12.jpg 8w\" sizes=\"auto, (max-width: 211px) 100vw, 211px\" loading=\"lazy\" decoding=\"async\">      <\/a>\n          <\/figure>\n                  <div class=\"blockspare-posts-block-post-content  content-order-2 lpc-title-hover\">\n    <div class=\"blockspare-posts-block-bg-overlay\"><\/div>\n    <!-- blockspare-posts-block-post-grid-header -->\n    <header class=\"blockspare-posts-block-post-grid-header\">\n      <!--display category when feature image is disable -->\n            <!--display category when feature image is enable-->\n            <!-- blockspare-posts-block-post-grid-title -->\n              <h2 class=\"blockspare-posts-block-post-grid-title\">\n          <a href=\"https:\/\/www.ndc.nato.int\/fr\/director-academic-plans-policy-engagement\/\" class=\"blockspare-posts-block-title-link\" rel=\"bookmark\">\n            <span>The Director Academic Plans, Policy &amp; Engagement<\/span>\n          <\/a>\n        <\/h2>\n            <!-- blockspare-posts-block-post-grid-title -->\n\n      <!-- blockspare-posts-block-post-grid-byline -->\n      <div class=\"blockspare-posts-block-post-grid-byline\">\n        <!-- blockspare-posts-block-post-grid-author -->\n                <!-- blockspare-posts-block-post-grid-author -->\n\n        <!-- blockspare-posts-block-post-grid-date -->\n                <!-- blockspare-posts-block-post-grid-date -->\n\n        <!-- comment_count -->\n                <!-- comment_count -->\n      <\/div>\n      <!-- blockspare-posts-block-post-grid-byline -->\n    <\/header>\n    <!-- blockspare-posts-block-post-grid-header -->\n\n        <!-- blockspare-posts-block-post-grid-excerpt -->\n          <div class=\"blockspare-posts-block-post-grid-excerpt\">\n        <!-- blockspare-posts-block-post-grid-excerpt-content -->\n                  <div class=\"blockspare-posts-block-post-grid-excerpt-content\">\n            The Division Head Academic Academic Plans, Policy &amp; Engagement reports to (and, when necessary, deputizes for) the Dean. She directs and coordinates the activities of the Curriculum Planning Branch, the Academic Policy &amp; Engagement Branch and the Academic Support Branch.          <\/div>\n                <!-- blockspare-posts-block-post-grid-excerpt-content -->\n        <!-- blockspare-posts-block-post-grid-more-link -->\n                  <p>\n            <a class=\"blockspare-posts-block-post-grid-more-link blockspare-posts-block-text-link\" href=\"https:\/\/www.ndc.nato.int\/fr\/director-academic-plans-policy-engagement\/\" aria-label=\"Read more about The Director Academic Plans, Policy &amp; Engagement\">\n              <span aria-hidden=\"true\">More&#8230;<\/span>\n            <\/a>\n\n          <\/p>\n                <!-- blockspare-posts-block-post-grid-more-link -->\n      <\/div>\n        <!-- blockspare-posts-block-post-grid-excerpt -->\n\n  <\/div>\n            <\/div>\n                                <div id=\"854\" class=\"blockspare-posts-block-post-single blockspare-hover-item contentordertwo has-background\">\n                  <figure class=\"blockspare-posts-block-post-img hover-child\">\n      <a href=\"https:\/\/www.ndc.nato.int\/fr\/the-head-of-the-research-division\/\" aria-label=\"Directrice de la Division de la recherche\">\n        <img width=\"220\" height=\"283\" src=\"https:\/\/www.ndc.nato.int\/wp-content\/uploads\/2024\/09\/DRD_Dr_Gaub1_220.webp\" class=\"attachment-medium size-medium\" alt=\"DRD_Dr_Gaub1_220\" loading=\"lazy\" decoding=\"async\">      <\/a>\n          <\/figure>\n                  <div class=\"blockspare-posts-block-post-content  content-order-2 lpc-title-hover\">\n    <div class=\"blockspare-posts-block-bg-overlay\"><\/div>\n    <!-- blockspare-posts-block-post-grid-header -->\n    <header class=\"blockspare-posts-block-post-grid-header\">\n      <!--display category when feature image is disable -->\n            <!--display category when feature image is enable-->\n            <!-- blockspare-posts-block-post-grid-title -->\n              <h2 class=\"blockspare-posts-block-post-grid-title\">\n          <a href=\"https:\/\/www.ndc.nato.int\/fr\/the-head-of-the-research-division\/\" class=\"blockspare-posts-block-title-link\" rel=\"bookmark\">\n            <span>Directrice de la Division de la recherche<\/span>\n          <\/a>\n        <\/h2>\n            <!-- blockspare-posts-block-post-grid-title -->\n\n      <!-- blockspare-posts-block-post-grid-byline -->\n      <div class=\"blockspare-posts-block-post-grid-byline\">\n        <!-- blockspare-posts-block-post-grid-author -->\n                <!-- blockspare-posts-block-post-grid-author -->\n\n        <!-- blockspare-posts-block-post-grid-date -->\n                <!-- blockspare-posts-block-post-grid-date -->\n\n        <!-- comment_count -->\n                <!-- comment_count -->\n      <\/div>\n      <!-- blockspare-posts-block-post-grid-byline -->\n    <\/header>\n    <!-- blockspare-posts-block-post-grid-header -->\n\n        <!-- blockspare-posts-block-post-grid-excerpt -->\n          <div class=\"blockspare-posts-block-post-grid-excerpt\">\n        <!-- blockspare-posts-block-post-grid-excerpt-content -->\n                  <div class=\"blockspare-posts-block-post-grid-excerpt-content\">\n            Dr Florence GaubThe Head of the Research Division The Research Division Head is responsible for the planning, organization and execution of the NDC\u2019s research and outreach programme. She develops the annual research plan, budget, and policies for the Research Division, oversees ongoing projects, and supervises and coordinates the activities of\u2026          <\/div>\n                <!-- blockspare-posts-block-post-grid-excerpt-content -->\n        <!-- blockspare-posts-block-post-grid-more-link -->\n                  <p>\n            <a class=\"blockspare-posts-block-post-grid-more-link blockspare-posts-block-text-link\" href=\"https:\/\/www.ndc.nato.int\/fr\/the-head-of-the-research-division\/\" aria-label=\"Read more about The Head of the Research Division\">\n              <span aria-hidden=\"true\">More&#8230;<\/span>\n            <\/a>\n\n          <\/p>\n                <!-- blockspare-posts-block-post-grid-more-link -->\n      <\/div>\n        <!-- blockspare-posts-block-post-grid-excerpt -->\n\n  <\/div>\n            <\/div>\n                    \n\n\n      <\/div>\n\n          <\/section>\n\n\n\n  <\/div>\n\n<\/div><\/div><\/div><\/div>\n<\/div>\n<\/div>\n\n\n<p class=\"eplus-wrapper wp-block-paragraph\"><\/p>\n<style class=\"advgb-styles-renderer\">.blockspare-fce7a4d5-1a98-4 > .blockspare-block-container-wrapper{background-color:#f9f9f9;padding-top:20px;padding-right:20px;padding-bottom:20px;padding-left:20px;margin-top:30px;margin-right:0px;margin-bottom:30px;margin-left:0px;border-radius:0}.blockspare-fce7a4d5-1a98-4 .blockspare-image-wrap{background-image:none}<\/style>","protected":false},"excerpt":{"rendered":"<p>Biographies and pictures of the current Commandant, Dean, Director of Enablement and senior leaders of the NATO Defense<\/p>","protected":false},"author":1,"featured_media":0,"parent":38,"menu_order":0,"comment_status":"closed","ping_status":"closed","template":"","meta":{"_eb_attr":"","_lmt_disableupdate":"","_lmt_disable":"","advgb_blocks_editor_width":"","advgb_blocks_columns_visual_guide":"","editor_plus_copied_stylings":"{}","_EventAllDay":false,"_EventTimezone":"","_EventStartDate":"","_EventEndDate":"","_EventStartDateUTC":"","_EventEndDateUTC":"","_EventShowMap":false,"_EventShowMapLink":false,"_EventURL":"","_EventCost":"","_EventCostDescription":"","_EventCurrencySymbol":"","_EventCurrencyCode":"","_EventCurrencyPosition":"","_EventDateTimeSeparator":"","_EventTimeRangeSeparator":"","_EventOrganizerID":[],"_EventVenueID":[],"_OrganizerEmail":"","_OrganizerPhone":"","_OrganizerWebsite":"","_VenueAddress":"","_VenueCity":"","_VenueCountry":"","_VenueProvince":"","_VenueState":"","_VenueZip":"","_VenuePhone":"","_VenueURL":"","_VenueStateProvince":"","_VenueLat":"","_VenueLng":"","_VenueShowMap":false,"_VenueShowMapLink":false,"_themeisle_gutenberg_block_has_review":false,"footnotes":""},"categories":[],"tags":[],"class_list":["post-52","page","type-page","status-publish","hentry"],"featured_image_src":null,"coauthors":[],"author_meta":{"author_link":"https:\/\/www.ndc.nato.int\/fr\/author\/admin_3rwqf6tj\/","display_name":"NDC"},"relative_dates":{"created":"Publi\u00e9 2 ans il y a","modified":"Mis \u00e0 jour 3 mois il y a"},"absolute_dates":{"created":"Publi\u00e9 le juillet 15, 2024","modified":"Mise \u00e0 jour le juin 9, 2026"},"absolute_dates_time":{"created":"Publi\u00e9 le juillet 15, 2024 15:43","modified":"Mise \u00e0 jour le juin 9, 2026 16:08"},"featured_img_caption":"","featured_img":false,"series_order":"","_links":{"self":[{"href":"https:\/\/www.ndc.nato.int\/fr\/wp-json\/wp\/v2\/pages\/52","targetHints":{"allow":["GET"]}}],"collection":[{"href":"https:\/\/www.ndc.nato.int\/fr\/wp-json\/wp\/v2\/pages"}],"about":[{"href":"https:\/\/www.ndc.nato.int\/fr\/wp-json\/wp\/v2\/types\/page"}],"author":[{"embeddable":true,"href":"https:\/\/www.ndc.nato.int\/fr\/wp-json\/wp\/v2\/users\/1"}],"replies":[{"embeddable":true,"href":"https:\/\/www.ndc.nato.int\/fr\/wp-json\/wp\/v2\/comments?post=52"}],"version-history":[{"count":28,"href":"https:\/\/www.ndc.nato.int\/fr\/wp-json\/wp\/v2\/pages\/52\/revisions"}],"predecessor-version":[{"id":14822,"href":"https:\/\/www.ndc.nato.int\/fr\/wp-json\/wp\/v2\/pages\/52\/revisions\/14822"}],"up":[{"embeddable":true,"href":"https:\/\/www.ndc.nato.int\/fr\/wp-json\/wp\/v2\/pages\/38"}],"wp:attachment":[{"href":"https:\/\/www.ndc.nato.int\/fr\/wp-json\/wp\/v2\/media?parent=52"}],"wp:term":[{"taxonomy":"category","embeddable":true,"href":"https:\/\/www.ndc.nato.int\/fr\/wp-json\/wp\/v2\/categories?post=52"},{"taxonomy":"post_tag","embeddable":true,"href":"https:\/\/www.ndc.nato.int\/fr\/wp-json\/wp\/v2\/tags?post=52"}],"curies":[{"name":"wp","href":"https:\/\/api.w.org\/{rel}","templated":true}]}}